{"id":2397,"date":"2020-04-30T10:29:55","date_gmt":"2020-04-30T08:29:55","guid":{"rendered":"http:\/\/eurowerkstatt-jena.de\/?page_id=2397"},"modified":"2020-04-30T10:29:55","modified_gmt":"2020-04-30T08:29:55","slug":"ein-jahr-in-jena-1000-jahre-erfahrung","status":"publish","type":"page","link":"https:\/\/eurowerkstatt-jena.de\/en\/hosting\/volunteers-experiences\/ein-jahr-in-jena-1000-jahre-erfahrung\/","title":{"rendered":"Ein Jahr in Jena = 1000 Jahre Erfahrung"},"content":{"rendered":"<p><a href=\"https:\/\/www.youthreporter.eu\/de\/beitrag\/ein-jahr-in-jena-1000-jahre-erfahrung.13534\/#.XqmE75ngrIX\"><strong>Kurzer Bericht \u00fcber meinen Aufenthalt in Deutschland<\/strong><\/a><\/p>\n\n\n\n<p>Es war das Jahr 2016. Ich arbeitete als Deutschlehrerin an einer Schule in Wladimir, Russland. Mein Arbeitstag begann um 7 Uhr. Nach Hause kam ich meistens um 20 Uhr. M\u00fcde, kraftlos, motivationslos. Keine Energie f\u00fcr etwas Neues, immer dieselbe Routine. Durch Bekannte erfuhr ich \u00fcber den EFD.\u00a0 Ich war schon eine ausgebildete Lehrerin, warum sollte ich so was \u00fcberhaupt versuchen? Doch etwas in mir sagte, es k\u00f6nnte was werden. Meine Mutter war nicht dagegen, sie meinte, es ist nur meine Entscheidung.\u00a0 F\u00fcr ein Jahr meinen Lehrerberuf aufzugeben\u2026 ich hatte etwas Angst, aber auch ganz viel Neugier und Motivation. Also entschied ich, nach Deutschland zu reisen.<\/p>\n\n\n\n<p>In Jena, in einer kleinen Stadt in Ostdeutschland, angekommen, hatte ich\nkeine Ahnung und sehr viele Fragen \u2013 wo werde ich leben? Werde ich mich gut mit\nMenschen verstehen? Kann ich hier n\u00fctzlich werden? Bei solchen Fragen kommt man\nschnell in eine Krise. Zum Gl\u00fcck war mein neuer Wohnort ein gro\u00dfes Haus mit anderen\nFreiwilligen. Auf meiner Etage wohnten nur M\u00e4dchen. Wir machten eine coole WG \u2013\nmit gem\u00fctlichen Abenden in der K\u00fcche. Die Freiwilligen aus anderen Etagen kamen\ndann auch zu uns, um zusammen Zeit zu verbringen. Ich f\u00fchlte mich hier langsam\nwohl.&nbsp; Es k\u00f6nnte mein neues Zuhause werden.<\/p>\n\n\n\n<p>Doch zur\u00fcck in den Alltag. Ich kam nach Deutschland als\nDeutschlehrerin.&nbsp; Hier in Jena bekam ich auf dem Arbeitsplatz neue\nHerausforderungen. Der neue Job hatte mit meinem alten gar nichts Gemeinsames.\nIch sollte ab jetzt Radiosendungen produzieren, jeden Monat Newsletter\nverfassen und bei verschiedenen Projekten helfen. Alles auf Deutsch. Andere\nKultur. Komplett neue Stadt. Ich war richtig \u00fcberfordert. Nat\u00fcrlich hatte ich\nBetreuer, aber trotzdem musste ich innerlich viel \u00fcberwinden. Die erste Zeit\nhatte ich einen Kulturschock.<\/p>\n\n\n\n<p>Ich w\u00fcrde gerne weiter alles ausf\u00fchrlich beschreiben, doch ich will die\nLeser nicht zu sehr mit Details belasten. Ja, es gab Probleme und\nSchwierigkeiten, aber wer hat sie nicht? Es sollte in meiner Erz\u00e4hlung nicht\ndarum gehen. Ich will nur einen kleinen \u00dcberblick \u00fcber dieses eine Jahr geben\nund die Highlights nennen.<\/p>\n\n\n\n<p>Mit anderen Freiwilligen bin ich viel gereist. Wir waren in Prag, N\u00fcrnberg,\nDresden, Weimar, Leipzig. Wir waren sogar zusammen auf einer Schlauchboottour!&nbsp;\nDiese Aktivit\u00e4ten haben uns n\u00e4hergebracht. In Dresden und Weimar haben wir die\nFreiwilligen aus anderen St\u00e4dten kennengelernt. Wir hatten genug Zeit, um uns\nmit ihnen auszutauschen.&nbsp; Es waren doch verschiedene Nationen dabei, eine\nbunte Kulturmischung. Mit einigen halte ich noch Kontakt.<\/p>\n\n\n\n<p>Zum Abschluss meines freiwilligen Jahres habe ich mir Urlaub genommen und\nbin mit meinen Freunden nach Slowenien gefahren.&nbsp; Es war ein sehr gro\u00dfes\nAbenteuer, wir haben auf der R\u00fcckfahrt an einem Tag drei L\u00e4nder besucht und\nmehrere deutsche Bundesl\u00e4nder. Wir haben uns fast verloren! Umso gr\u00f6\u00dfer war\nmeine Freude nach Jena zur\u00fcckzukommen. Diese Stadt wurde f\u00fcr mich ein zweiter\nHeimatort. Hier sind meine neuen Freunde, hier habe ich so viele sch\u00f6ne und\ngl\u00fcckliche Momente erlebt, hier habe ich besondere Erfahrungen f\u00fcr mein Leben\nbekommen.<\/p>\n\n\n\n<p>Ich w\u00fcrde sagen, dass ich von diesem Projekt die Motivation bekommen habe,\nmich weiterzubilden und in meinem Beruf besser zu werden. Was ich noch hier\nschreiben will, ist die Sache mit der deutschen Sprache. Ich bin der Mensch,\nder Sprachen gerne lernt. Ich hatte eine wunderbare M\u00f6glichkeit hier in Jena\nmein Deutsch zu verbessern! Klar, unter Volont\u00e4ren hat man oft auf Englisch\ngeredet. Aber im Alltag habe ich so oft ge\u00fcbt!<\/p>\n\n\n\n<p>Zum Schluss m\u00f6chte ich allen danken, die ich seit September 2016\nkennengelernt habe! Danke f\u00fcr die tollen Momente, f\u00fcr die lustige Zeit, die wir\nhatten!&nbsp; Dieses Jahr war f\u00fcr mich ein definitiver Level-Up! Nat\u00fcrlich will\nich den zuk\u00fcnftigen Freiwilligen sagen, dass die Zeit im Projekt schnell laufen\nwird. Genie\u00dft den Moment, bringt was mit, tauscht eure Erfahrungen aus, lernt\nneue Sprachen!<\/p>\n\n\n\n<p>-Uliana Chkalova (2016-2017)<\/p>\n\n\n\n<div class=\"wp-block-image\"><figure class=\"aligncenter\"><img loading=\"lazy\" decoding=\"async\" width=\"605\" height=\"340\" src=\"http:\/\/eurowerkstatt-jena.de\/wp-content\/uploads\/2020\/04\/grafik-15.png\" alt=\"\" class=\"wp-image-2398\" srcset=\"https:\/\/eurowerkstatt-jena.de\/wp-content\/uploads\/2020\/04\/grafik-15.png 605w, https:\/\/eurowerkstatt-jena.de\/wp-content\/uploads\/2020\/04\/grafik-15-300x169.png 300w\" sizes=\"auto, (max-width: 605px) 85vw, 605px\" \/><\/figure><\/div>\n\n\n\n<div class=\"wp-block-image\"><figure class=\"aligncenter\"><img loading=\"lazy\" decoding=\"async\" width=\"605\" height=\"402\" src=\"http:\/\/eurowerkstatt-jena.de\/wp-content\/uploads\/2020\/04\/grafik-16.png\" alt=\"\" class=\"wp-image-2399\" srcset=\"https:\/\/eurowerkstatt-jena.de\/wp-content\/uploads\/2020\/04\/grafik-16.png 605w, https:\/\/eurowerkstatt-jena.de\/wp-content\/uploads\/2020\/04\/grafik-16-300x199.png 300w, https:\/\/eurowerkstatt-jena.de\/wp-content\/uploads\/2020\/04\/grafik-16-572x380.png 572w\" sizes=\"auto, (max-width: 605px) 85vw, 605px\" \/><\/figure><\/div>\n\n\n\n<div class=\"wp-block-image\"><figure class=\"aligncenter\"><img loading=\"lazy\" decoding=\"async\" width=\"605\" height=\"403\" src=\"http:\/\/eurowerkstatt-jena.de\/wp-content\/uploads\/2020\/04\/grafik-17.png\" alt=\"\" class=\"wp-image-2400\" srcset=\"https:\/\/eurowerkstatt-jena.de\/wp-content\/uploads\/2020\/04\/grafik-17.png 605w, https:\/\/eurowerkstatt-jena.de\/wp-content\/uploads\/2020\/04\/grafik-17-300x200.png 300w, https:\/\/eurowerkstatt-jena.de\/wp-content\/uploads\/2020\/04\/grafik-17-570x380.png 570w\" sizes=\"auto, (max-width: 605px) 85vw, 605px\" \/><\/figure><\/div>","protected":false},"excerpt":{"rendered":"<p>Von Uliana aus Russland <\/p>","protected":false},"author":1,"featured_media":0,"parent":2372,"menu_order":11,"comment_status":"closed","ping_status":"closed","template":"page-templates\/grid-page.php","meta":{"give_campaign_id":0,"footnotes":""},"class_list":["post-2397","page","type-page","status-publish","hentry"],"campaignId":"","_links":{"self":[{"href":"https:\/\/eurowerkstatt-jena.de\/en\/wp-json\/wp\/v2\/pages\/2397","targetHints":{"allow":["GET"]}}],"collection":[{"href":"https:\/\/eurowerkstatt-jena.de\/en\/wp-json\/wp\/v2\/pages"}],"about":[{"href":"https:\/\/eurowerkstatt-jena.de\/en\/wp-json\/wp\/v2\/types\/page"}],"author":[{"embeddable":true,"href":"https:\/\/eurowerkstatt-jena.de\/en\/wp-json\/wp\/v2\/users\/1"}],"replies":[{"embeddable":true,"href":"https:\/\/eurowerkstatt-jena.de\/en\/wp-json\/wp\/v2\/comments?post=2397"}],"version-history":[{"count":1,"href":"https:\/\/eurowerkstatt-jena.de\/en\/wp-json\/wp\/v2\/pages\/2397\/revisions"}],"predecessor-version":[{"id":2401,"href":"https:\/\/eurowerkstatt-jena.de\/en\/wp-json\/wp\/v2\/pages\/2397\/revisions\/2401"}],"up":[{"embeddable":true,"href":"https:\/\/eurowerkstatt-jena.de\/en\/wp-json\/wp\/v2\/pages\/2372"}],"wp:attachment":[{"href":"https:\/\/eurowerkstatt-jena.de\/en\/wp-json\/wp\/v2\/media?parent=2397"}],"curies":[{"name":"wp","href":"https:\/\/api.w.org\/{rel}","templated":true}]}}