{"id":1795,"date":"2019-11-17T20:27:32","date_gmt":"2019-11-17T19:27:32","guid":{"rendered":"http:\/\/eurowerkstatt-jena.de\/?page_id=1795"},"modified":"2020-05-12T15:27:36","modified_gmt":"2020-05-12T13:27:36","slug":"jenaer-freiwilligentag-bei-der-eurowerkstatt-2019","status":"publish","type":"page","link":"https:\/\/eurowerkstatt-jena.de\/en\/aktuelles\/media\/jenaer-freiwilligentag-bei-der-eurowerkstatt-2019\/","title":{"rendered":"Jenaer Freiwilligentag"},"content":{"rendered":"<figure class=\"wp-block-embed-youtube wp-block-embed is-type-video is-provider-youtube wp-embed-aspect-16-9 wp-has-aspect-ratio\"><div class=\"wp-block-embed__wrapper\">\n<iframe loading=\"lazy\" title=\"Jenaer Freiwilligentag bei der Eurowerkstatt 2019 \/ The volunteer\u2019s day in Eurowerkstatt Jena 2019\" width=\"840\" height=\"473\" src=\"https:\/\/www.youtube.com\/embed\/j1PVL_wLPbg?list=PLoW9eW0wH0_vSFMx8GMsAIqDjjD_Zs045\" frameborder=\"0\" allow=\"accelerometer; autoplay; clipboard-write; encrypted-media; gyroscope; picture-in-picture; web-share\" allowfullscreen><\/iframe>\n<\/div><\/figure>\n\n\n\n<p style=\"font-size:15px\">Am  14. September 2019 haben wir beim Jenaer Freiwilligentag eine Aktion gestartet. Das Team der Eurowerkstatt und die Freiwilligen der Eurowerkstatt wurden von freiwilligen Helfer*innen der B\u00fcrgerstiftung dabei unterst\u00fctzt, den Garten des Freiwilligenhauses zu versch\u00f6nern. Wir haben 4 Stunden gut und intensiv zusammen gearbeitet und am Ende des Tages hatten wir auch noch einen sch\u00f6nen Abschlussabend in Jenaer Rathaus.  <br>Wir danken allen Helfer*innen f\u00fcr diesen sch\u00f6nen Arbeitseinsatz in der L\u00f6bstedter Stra\u00dfe!<\/p>\n\n\n\n<p><\/p>","protected":false},"excerpt":{"rendered":"<p>Wir haben beim Freiwilligentag 2019 mitgemacht und haben den Garten unserer Freiwilligen versch\u00f6nert!<\/p>","protected":false},"author":1,"featured_media":1796,"parent":953,"menu_order":0,"comment_status":"closed","ping_status":"closed","template":"","meta":{"give_campaign_id":0,"footnotes":""},"class_list":["post-1795","page","type-page","status-publish","has-post-thumbnail","hentry"],"campaignId":"","_links":{"self":[{"href":"https:\/\/eurowerkstatt-jena.de\/en\/wp-json\/wp\/v2\/pages\/1795","targetHints":{"allow":["GET"]}}],"collection":[{"href":"https:\/\/eurowerkstatt-jena.de\/en\/wp-json\/wp\/v2\/pages"}],"about":[{"href":"https:\/\/eurowerkstatt-jena.de\/en\/wp-json\/wp\/v2\/types\/page"}],"author":[{"embeddable":true,"href":"https:\/\/eurowerkstatt-jena.de\/en\/wp-json\/wp\/v2\/users\/1"}],"replies":[{"embeddable":true,"href":"https:\/\/eurowerkstatt-jena.de\/en\/wp-json\/wp\/v2\/comments?post=1795"}],"version-history":[{"count":6,"href":"https:\/\/eurowerkstatt-jena.de\/en\/wp-json\/wp\/v2\/pages\/1795\/revisions"}],"predecessor-version":[{"id":2511,"href":"https:\/\/eurowerkstatt-jena.de\/en\/wp-json\/wp\/v2\/pages\/1795\/revisions\/2511"}],"up":[{"embeddable":true,"href":"https:\/\/eurowerkstatt-jena.de\/en\/wp-json\/wp\/v2\/pages\/953"}],"wp:featuredmedia":[{"embeddable":true,"href":"https:\/\/eurowerkstatt-jena.de\/en\/wp-json\/wp\/v2\/media\/1796"}],"wp:attachment":[{"href":"https:\/\/eurowerkstatt-jena.de\/en\/wp-json\/wp\/v2\/media?parent=1795"}],"curies":[{"name":"wp","href":"https:\/\/api.w.org\/{rel}","templated":true}]}}